{"id":1835,"date":"2026-06-03T18:25:46","date_gmt":"2026-06-03T17:25:46","guid":{"rendered":"https:\/\/www.laurensoff.com\/wordpress\/?post_type=product&#038;p=1835"},"modified":"2026-06-03T18:25:46","modified_gmt":"2026-06-03T17:25:46","slug":"votre-petit-reportage-tv-sud-by-laurens-pour-150e","status":"publish","type":"product","link":"https:\/\/www.laurensoff.com\/wordpress\/produit\/votre-petit-reportage-tv-sud-by-laurens-pour-150e\/","title":{"rendered":"Votre petit reportage TV SUD By LAURENS pour 150\u20ac"},"content":{"rendered":"<p><img loading=\"lazy\" decoding=\"async\" class=\"alignnone size-full wp-image-1836\" src=\"https:\/\/www.laurensoff.com\/wordpress\/wp-content\/uploads\/2026\/06\/aaa.jpg\" alt=\"\" width=\"250\" height=\"245\" \/><\/p>\n<h2>Soutenez TV SUD By LAURENS pour 150\u20ac votre petit reportage ! c&rsquo;est mieux ! \u00e7a aide beaucoup<\/h2>\n<p><b>TV SUD By LAURENS<\/b> est votre m\u00e9dia local et culturel, qui met en lumi\u00e8re les talents, les \u00e9v\u00e9nements et le patrimoine de notre r\u00e9gion. Chaque reportage, chaque interview, est r\u00e9alis\u00e9 avec passion pour vous offrir un regard unique sur ce qui nous entoure.<\/p>\n<p>Pour continuer \u00e0 vous proposer des contenus de qualit\u00e9 et \u00e0 faire vivre ce projet, nous avons besoin de votre soutien.<\/p>\n<p>En achetant pour seulement <b>150\u20ac<\/b>\u00a0vous nous aidez \u00e0 :<\/p>\n<ul>\n<li>Financer la production de nouvelles \u00e9missions.<\/li>\n<li>Acqu\u00e9rir du mat\u00e9riel de tournage pour am\u00e9liorer la qualit\u00e9 de nos vid\u00e9os.<\/li>\n<li>Couvrir plus d&rsquo;\u00e9v\u00e9nements et d&rsquo;initiatives locales.<\/li>\n<\/ul>\n<p>Votre contribution, m\u00eame modeste, est essentielle. Elle nous permet de rester ind\u00e9pendants et de continuer \u00e0 promouvoir la richesse culturelle de notre territoire.<\/p>\n<p><b>Rejoignez-nous et devenez un acteur du m\u00e9dia de votre r\u00e9gion !<\/b><\/p>\n<p>C&rsquo;est simple, rapide et \u00e7a change tout.<\/p>\n<p>Merci pour votre soutien et votre fid\u00e9lit\u00e9 !<\/p>\n","protected":false},"excerpt":{"rendered":"<h2>Soutenez TV SUD By LAURENS pour 150\u20ac votre petit reportage ! c&rsquo;est mieux ! \u00e7a aide beaucoup<\/h2>\n<p><b>TV SUD By LAURENS<\/b> est votre m\u00e9dia local et culturel, qui met en lumi\u00e8re les talents, les \u00e9v\u00e9nements et le patrimoine de notre r\u00e9gion. Chaque reportage, chaque interview, est r\u00e9alis\u00e9 avec passion pour vous offrir un regard unique sur ce qui nous entoure.<\/p>\n<p>Pour continuer \u00e0 vous proposer des contenus de qualit\u00e9 et \u00e0 faire vivre ce projet, nous avons besoin de votre soutien.<\/p>\n<p>En achetant pour seulement <b>150\u20ac<\/b>\u00a0vous nous aidez \u00e0 :<\/p>\n<ul>\n<li>Financer la production de nouvelles \u00e9missions.<\/li>\n<li>Acqu\u00e9rir du mat\u00e9riel de tournage pour am\u00e9liorer la qualit\u00e9 de nos vid\u00e9os.<\/li>\n<li>Couvrir plus d&rsquo;\u00e9v\u00e9nements et d&rsquo;initiatives locales.<\/li>\n<\/ul>\n<p>Votre contribution, m\u00eame modeste, est essentielle. Elle nous permet de rester ind\u00e9pendants et de continuer \u00e0 promouvoir la richesse culturelle de notre territoire.<\/p>\n<p><b>Rejoignez-nous et devenez un acteur du m\u00e9dia de votre r\u00e9gion !<\/b><\/p>\n<p>C&rsquo;est simple, rapide et \u00e7a change tout.<\/p>\n<p>Merci pour votre soutien et votre fid\u00e9lit\u00e9 !<\/p>\n","protected":false},"featured_media":1836,"comment_status":"open","ping_status":"closed","template":"","meta":{"jetpack_publicize_message":"","jetpack_publicize_feature_enabled":true,"jetpack_social_post_already_shared":true,"jetpack_social_options":{"image_generator_settings":{"template":"highway","default_image_id":0,"font":"","enabled":false},"version":2}},"product_brand":[],"product_cat":[746,877],"product_tag":[],"class_list":["post-1835","product","type-product","status-publish","has-post-thumbnail","product_cat-achat","product_cat-petit-reportage","first","instock","virtual","purchasable","product-type-simple"],"jetpack_publicize_connections":[],"jetpack_sharing_enabled":true,"_links":{"self":[{"href":"https:\/\/www.laurensoff.com\/wordpress\/wp-json\/wp\/v2\/product\/1835","targetHints":{"allow":["GET"]}}],"collection":[{"href":"https:\/\/www.laurensoff.com\/wordpress\/wp-json\/wp\/v2\/product"}],"about":[{"href":"https:\/\/www.laurensoff.com\/wordpress\/wp-json\/wp\/v2\/types\/product"}],"replies":[{"embeddable":true,"href":"https:\/\/www.laurensoff.com\/wordpress\/wp-json\/wp\/v2\/comments?post=1835"}],"wp:featuredmedia":[{"embeddable":true,"href":"https:\/\/www.laurensoff.com\/wordpress\/wp-json\/wp\/v2\/media\/1836"}],"wp:attachment":[{"href":"https:\/\/www.laurensoff.com\/wordpress\/wp-json\/wp\/v2\/media?parent=1835"}],"wp:term":[{"taxonomy":"product_brand","embeddable":true,"href":"https:\/\/www.laurensoff.com\/wordpress\/wp-json\/wp\/v2\/product_brand?post=1835"},{"taxonomy":"product_cat","embeddable":true,"href":"https:\/\/www.laurensoff.com\/wordpress\/wp-json\/wp\/v2\/product_cat?post=1835"},{"taxonomy":"product_tag","embeddable":true,"href":"https:\/\/www.laurensoff.com\/wordpress\/wp-json\/wp\/v2\/product_tag?post=1835"}],"curies":[{"name":"wp","href":"https:\/\/api.w.org\/{rel}","templated":true}]}}